{"id":719,"date":"2020-05-05T07:46:16","date_gmt":"2020-05-05T11:46:16","guid":{"rendered":"http:\/\/www.sonimec.ca\/wp-content\/uploads\/2020\/05\/P-couverture-Les-Microphones.001.jpeg"},"modified":"2020-05-05T07:46:16","modified_gmt":"2020-05-05T11:46:16","slug":"p-couverture-les-microphones-001","status":"inherit","type":"attachment","link":"http:\/\/www.sonimec.ca\/index.php\/blogue\/p-couverture-les-microphones-001\/#main","title":{"rendered":"P couverture Les Microphones.001"},"author":1,"comment_status":"closed","ping_status":"closed","template":"","meta":[],"yoast_head":"<!-- This site is optimized with the Yoast SEO plugin v19.8 - https:\/\/yoast.com\/wordpress\/plugins\/seo\/ -->\n<title>P couverture Les Microphones.001 - Sonimec<\/title>\n<meta name=\"robots\" content=\"index, follow, max-snippet:-1, max-image-preview:large, max-video-preview:-1\" \/>\n<link rel=\"canonical\" href=\"http:\/\/www.sonimec.ca\/wp-content\/uploads\/2020\/05\/P-couverture-Les-Microphones.001.jpeg\" \/>\n<meta property=\"og:locale\" content=\"fr_FR\" \/>\n<meta property=\"og:type\" content=\"article\" \/>\n<meta property=\"og:title\" content=\"P couverture Les Microphones.001 - Sonimec\" \/>\n<meta property=\"og:url\" content=\"http:\/\/www.sonimec.ca\/wp-content\/uploads\/2020\/05\/P-couverture-Les-Microphones.001.jpeg\" \/>\n<meta property=\"og:site_name\" content=\"Sonimec\" \/>\n<meta property=\"article:publisher\" content=\"https:\/\/www.facebook.com\/sonimec.ca\/\" \/>\n<meta property=\"og:image\" content=\"http:\/\/www.sonimec.ca\/wp-content\/uploads\/2020\/05\/P-couverture-Les-Microphones.001.jpeg\" \/>\n\t<meta property=\"og:image:width\" content=\"720\" \/>\n\t<meta property=\"og:image:height\" content=\"405\" \/>\n\t<meta property=\"og:image:type\" content=\"image\/jpeg\" \/>\n<meta name=\"twitter:card\" content=\"summary_large_image\" \/>\n<script type=\"application\/ld+json\" class=\"yoast-schema-graph\">{\"@context\":\"https:\/\/schema.org\",\"@graph\":[{\"@type\":\"WebPage\",\"@id\":\"http:\/\/www.sonimec.ca\/wp-content\/uploads\/2020\/05\/P-couverture-Les-Microphones.001.jpeg\",\"url\":\"http:\/\/www.sonimec.ca\/wp-content\/uploads\/2020\/05\/P-couverture-Les-Microphones.001.jpeg\",\"name\":\"P couverture Les Microphones.001 - Sonimec\",\"isPartOf\":{\"@id\":\"https:\/\/www.sonimec.ca\/#website\"},\"datePublished\":\"2020-05-05T11:46:16+00:00\",\"dateModified\":\"2020-05-05T11:46:16+00:00\",\"breadcrumb\":{\"@id\":\"http:\/\/www.sonimec.ca\/wp-content\/uploads\/2020\/05\/P-couverture-Les-Microphones.001.jpeg#breadcrumb\"},\"inLanguage\":\"fr-FR\",\"potentialAction\":[{\"@type\":\"ReadAction\",\"target\":[\"http:\/\/www.sonimec.ca\/wp-content\/uploads\/2020\/05\/P-couverture-Les-Microphones.001.jpeg\"]}]},{\"@type\":\"BreadcrumbList\",\"@id\":\"http:\/\/www.sonimec.ca\/wp-content\/uploads\/2020\/05\/P-couverture-Les-Microphones.001.jpeg#breadcrumb\",\"itemListElement\":[{\"@type\":\"ListItem\",\"position\":1,\"name\":\"Accueil\",\"item\":\"http:\/\/www.sonimec.ca\/\"},{\"@type\":\"ListItem\",\"position\":2,\"name\":\"Blogue et Guide \u00e0 t\u00e9l\u00e9charger.\",\"item\":\"https:\/\/www.sonimec.ca\/index.php\/blogue\/\"},{\"@type\":\"ListItem\",\"position\":3,\"name\":\"P couverture Les Microphones.001\"}]},{\"@type\":\"WebSite\",\"@id\":\"https:\/\/www.sonimec.ca\/#website\",\"url\":\"https:\/\/www.sonimec.ca\/\",\"name\":\"Sonimec\",\"description\":\"Audiovisuel Commercial\",\"publisher\":{\"@id\":\"https:\/\/www.sonimec.ca\/#organization\"},\"potentialAction\":[{\"@type\":\"SearchAction\",\"target\":{\"@type\":\"EntryPoint\",\"urlTemplate\":\"https:\/\/www.sonimec.ca\/?s={search_term_string}\"},\"query-input\":\"required name=search_term_string\"}],\"inLanguage\":\"fr-FR\"},{\"@type\":\"Organization\",\"@id\":\"https:\/\/www.sonimec.ca\/#organization\",\"name\":\"Sonimec\",\"url\":\"https:\/\/www.sonimec.ca\/\",\"sameAs\":[\"https:\/\/www.linkedin.com\/in\/daniel-bolduc-00535358\/\",\"https:\/\/www.facebook.com\/sonimec.ca\/\"],\"logo\":{\"@type\":\"ImageObject\",\"inLanguage\":\"fr-FR\",\"@id\":\"https:\/\/www.sonimec.ca\/#\/schema\/logo\/image\/\",\"url\":\"http:\/\/www.sonimec.ca\/wp-content\/uploads\/2017\/09\/Sonimec-GR-DM.jpg\",\"contentUrl\":\"http:\/\/www.sonimec.ca\/wp-content\/uploads\/2017\/09\/Sonimec-GR-DM.jpg\",\"width\":1660,\"height\":298,\"caption\":\"Sonimec\"},\"image\":{\"@id\":\"https:\/\/www.sonimec.ca\/#\/schema\/logo\/image\/\"}}]}<\/script>\n<!-- \/ Yoast SEO plugin. -->","yoast_head_json":{"title":"P couverture Les Microphones.001 - Sonimec","robots":{"index":"index","follow":"follow","max-snippet":"max-snippet:-1","max-image-preview":"max-image-preview:large","max-video-preview":"max-video-preview:-1"},"canonical":"http:\/\/www.sonimec.ca\/wp-content\/uploads\/2020\/05\/P-couverture-Les-Microphones.001.jpeg","og_locale":"fr_FR","og_type":"article","og_title":"P couverture Les Microphones.001 - Sonimec","og_url":"http:\/\/www.sonimec.ca\/wp-content\/uploads\/2020\/05\/P-couverture-Les-Microphones.001.jpeg","og_site_name":"Sonimec","article_publisher":"https:\/\/www.facebook.com\/sonimec.ca\/","og_image":[{"width":720,"height":405,"url":"http:\/\/www.sonimec.ca\/wp-content\/uploads\/2020\/05\/P-couverture-Les-Microphones.001.jpeg","type":"image\/jpeg"}],"twitter_card":"summary_large_image","schema":{"@context":"https:\/\/schema.org","@graph":[{"@type":"WebPage","@id":"http:\/\/www.sonimec.ca\/wp-content\/uploads\/2020\/05\/P-couverture-Les-Microphones.001.jpeg","url":"http:\/\/www.sonimec.ca\/wp-content\/uploads\/2020\/05\/P-couverture-Les-Microphones.001.jpeg","name":"P couverture Les Microphones.001 - Sonimec","isPartOf":{"@id":"https:\/\/www.sonimec.ca\/#website"},"datePublished":"2020-05-05T11:46:16+00:00","dateModified":"2020-05-05T11:46:16+00:00","breadcrumb":{"@id":"http:\/\/www.sonimec.ca\/wp-content\/uploads\/2020\/05\/P-couverture-Les-Microphones.001.jpeg#breadcrumb"},"inLanguage":"fr-FR","potentialAction":[{"@type":"ReadAction","target":["http:\/\/www.sonimec.ca\/wp-content\/uploads\/2020\/05\/P-couverture-Les-Microphones.001.jpeg"]}]},{"@type":"BreadcrumbList","@id":"http:\/\/www.sonimec.ca\/wp-content\/uploads\/2020\/05\/P-couverture-Les-Microphones.001.jpeg#breadcrumb","itemListElement":[{"@type":"ListItem","position":1,"name":"Accueil","item":"http:\/\/www.sonimec.ca\/"},{"@type":"ListItem","position":2,"name":"Blogue et Guide \u00e0 t\u00e9l\u00e9charger.","item":"https:\/\/www.sonimec.ca\/index.php\/blogue\/"},{"@type":"ListItem","position":3,"name":"P couverture Les Microphones.001"}]},{"@type":"WebSite","@id":"https:\/\/www.sonimec.ca\/#website","url":"https:\/\/www.sonimec.ca\/","name":"Sonimec","description":"Audiovisuel Commercial","publisher":{"@id":"https:\/\/www.sonimec.ca\/#organization"},"potentialAction":[{"@type":"SearchAction","target":{"@type":"EntryPoint","urlTemplate":"https:\/\/www.sonimec.ca\/?s={search_term_string}"},"query-input":"required name=search_term_string"}],"inLanguage":"fr-FR"},{"@type":"Organization","@id":"https:\/\/www.sonimec.ca\/#organization","name":"Sonimec","url":"https:\/\/www.sonimec.ca\/","sameAs":["https:\/\/www.linkedin.com\/in\/daniel-bolduc-00535358\/","https:\/\/www.facebook.com\/sonimec.ca\/"],"logo":{"@type":"ImageObject","inLanguage":"fr-FR","@id":"https:\/\/www.sonimec.ca\/#\/schema\/logo\/image\/","url":"http:\/\/www.sonimec.ca\/wp-content\/uploads\/2017\/09\/Sonimec-GR-DM.jpg","contentUrl":"http:\/\/www.sonimec.ca\/wp-content\/uploads\/2017\/09\/Sonimec-GR-DM.jpg","width":1660,"height":298,"caption":"Sonimec"},"image":{"@id":"https:\/\/www.sonimec.ca\/#\/schema\/logo\/image\/"}}]}},"description":{"rendered":"<p class=\"attachment\"><a href='http:\/\/www.sonimec.ca\/wp-content\/uploads\/2020\/05\/P-couverture-Les-Microphones.001.jpeg'><img width=\"300\" height=\"169\" src=\"http:\/\/www.sonimec.ca\/wp-content\/uploads\/2020\/05\/P-couverture-Les-Microphones.001-300x169.jpeg\" class=\"attachment-medium size-medium\" alt=\"\" loading=\"lazy\" srcset=\"http:\/\/www.sonimec.ca\/wp-content\/uploads\/2020\/05\/P-couverture-Les-Microphones.001-300x169.jpeg 300w, http:\/\/www.sonimec.ca\/wp-content\/uploads\/2020\/05\/P-couverture-Les-Microphones.001.jpeg 720w\" sizes=\"(max-width: 300px) 100vw, 300px\" \/><\/a><\/p>\n"},"caption":{"rendered":""},"alt_text":"","media_type":"image","mime_type":"image\/jpeg","media_details":{"width":720,"height":405,"file":"2020\/05\/P-couverture-Les-Microphones.001.jpeg","sizes":{"medium":{"file":"P-couverture-Les-Microphones.001-300x169.jpeg","width":300,"height":169,"mime_type":"image\/jpeg","source_url":"http:\/\/www.sonimec.ca\/wp-content\/uploads\/2020\/05\/P-couverture-Les-Microphones.001-300x169.jpeg"},"thumbnail":{"file":"P-couverture-Les-Microphones.001-150x150.jpeg","width":150,"height":150,"mime_type":"image\/jpeg","source_url":"http:\/\/www.sonimec.ca\/wp-content\/uploads\/2020\/05\/P-couverture-Les-Microphones.001-150x150.jpeg"},"gg_gallery_thumbnail":{"file":"P-couverture-Les-Microphones.001-450x250.jpeg","width":450,"height":250,"mime_type":"image\/jpeg","source_url":"http:\/\/www.sonimec.ca\/wp-content\/uploads\/2020\/05\/P-couverture-Les-Microphones.001-450x250.jpeg"},"sc-testimonial-1":{"file":"P-couverture-Les-Microphones.001-120x120.jpeg","width":120,"height":120,"mime_type":"image\/jpeg","source_url":"http:\/\/www.sonimec.ca\/wp-content\/uploads\/2020\/05\/P-couverture-Les-Microphones.001-120x120.jpeg"},"sc-testimonial-2":{"file":"P-couverture-Les-Microphones.001-105x105.jpeg","width":105,"height":105,"mime_type":"image\/jpeg","source_url":"http:\/\/www.sonimec.ca\/wp-content\/uploads\/2020\/05\/P-couverture-Les-Microphones.001-105x105.jpeg"},"column1-1\/3":{"file":"P-couverture-Les-Microphones.001-720x380.jpeg","width":720,"height":380,"mime_type":"image\/jpeg","source_url":"http:\/\/www.sonimec.ca\/wp-content\/uploads\/2020\/05\/P-couverture-Les-Microphones.001-720x380.jpeg"},"column1-1\/4":{"file":"P-couverture-Les-Microphones.001-720x285.jpeg","width":720,"height":285,"mime_type":"image\/jpeg","source_url":"http:\/\/www.sonimec.ca\/wp-content\/uploads\/2020\/05\/P-couverture-Les-Microphones.001-720x285.jpeg"},"column2-1\/1":{"file":"P-couverture-Les-Microphones.001-570x405.jpeg","width":570,"height":405,"mime_type":"image\/jpeg","source_url":"http:\/\/www.sonimec.ca\/wp-content\/uploads\/2020\/05\/P-couverture-Les-Microphones.001-570x405.jpeg"},"column2-1\/2":{"file":"P-couverture-Les-Microphones.001-570x285.jpeg","width":570,"height":285,"mime_type":"image\/jpeg","source_url":"http:\/\/www.sonimec.ca\/wp-content\/uploads\/2020\/05\/P-couverture-Les-Microphones.001-570x285.jpeg"},"column2-2\/3":{"file":"P-couverture-Les-Microphones.001-570x380.jpeg","width":570,"height":380,"mime_type":"image\/jpeg","source_url":"http:\/\/www.sonimec.ca\/wp-content\/uploads\/2020\/05\/P-couverture-Les-Microphones.001-570x380.jpeg"},"column2-3\/5":{"file":"P-couverture-Les-Microphones.001-570x342.jpeg","width":570,"height":342,"mime_type":"image\/jpeg","source_url":"http:\/\/www.sonimec.ca\/wp-content\/uploads\/2020\/05\/P-couverture-Les-Microphones.001-570x342.jpeg"},"column2-4\/5":{"file":"P-couverture-Les-Microphones.001-570x405.jpeg","width":570,"height":405,"mime_type":"image\/jpeg","source_url":"http:\/\/www.sonimec.ca\/wp-content\/uploads\/2020\/05\/P-couverture-Les-Microphones.001-570x405.jpeg"},"column2-6\/5":{"file":"P-couverture-Les-Microphones.001-570x405.jpeg","width":570,"height":405,"mime_type":"image\/jpeg","source_url":"http:\/\/www.sonimec.ca\/wp-content\/uploads\/2020\/05\/P-couverture-Les-Microphones.001-570x405.jpeg"},"column3-1\/1":{"file":"P-couverture-Les-Microphones.001-380x380.jpeg","width":380,"height":380,"mime_type":"image\/jpeg","source_url":"http:\/\/www.sonimec.ca\/wp-content\/uploads\/2020\/05\/P-couverture-Les-Microphones.001-380x380.jpeg"},"column3-1\/3":{"file":"P-couverture-Les-Microphones.001-380x107.jpeg","width":380,"height":107,"mime_type":"image\/jpeg","source_url":"http:\/\/www.sonimec.ca\/wp-content\/uploads\/2020\/05\/P-couverture-Les-Microphones.001-380x107.jpeg"},"column3-2\/5":{"file":"P-couverture-Les-Microphones.001-380x152.jpeg","width":380,"height":152,"mime_type":"image\/jpeg","source_url":"http:\/\/www.sonimec.ca\/wp-content\/uploads\/2020\/05\/P-couverture-Les-Microphones.001-380x152.jpeg"},"column3-2\/3":{"file":"P-couverture-Les-Microphones.001-380x254.jpeg","width":380,"height":254,"mime_type":"image\/jpeg","source_url":"http:\/\/www.sonimec.ca\/wp-content\/uploads\/2020\/05\/P-couverture-Les-Microphones.001-380x254.jpeg"},"column3-3\/4":{"file":"P-couverture-Les-Microphones.001-380x285.jpeg","width":380,"height":285,"mime_type":"image\/jpeg","source_url":"http:\/\/www.sonimec.ca\/wp-content\/uploads\/2020\/05\/P-couverture-Les-Microphones.001-380x285.jpeg"},"column4-1\/1":{"file":"P-couverture-Les-Microphones.001-285x285.jpeg","width":285,"height":285,"mime_type":"image\/jpeg","source_url":"http:\/\/www.sonimec.ca\/wp-content\/uploads\/2020\/05\/P-couverture-Les-Microphones.001-285x285.jpeg"},"column4-2\/3":{"file":"P-couverture-Les-Microphones.001-285x190.jpeg","width":285,"height":190,"mime_type":"image\/jpeg","source_url":"http:\/\/www.sonimec.ca\/wp-content\/uploads\/2020\/05\/P-couverture-Les-Microphones.001-285x190.jpeg"},"column4-3\/4":{"file":"P-couverture-Les-Microphones.001-285x214.jpeg","width":285,"height":214,"mime_type":"image\/jpeg","source_url":"http:\/\/www.sonimec.ca\/wp-content\/uploads\/2020\/05\/P-couverture-Les-Microphones.001-285x214.jpeg"},"full":{"file":"P-couverture-Les-Microphones.001.jpeg","width":720,"height":405,"mime_type":"image\/jpeg","source_url":"http:\/\/www.sonimec.ca\/wp-content\/uploads\/2020\/05\/P-couverture-Les-Microphones.001.jpeg"}},"image_meta":{"aperture":"0","credit":"","camera":"","caption":"","created_timestamp":"0","copyright":"","focal_length":"0","iso":"0","shutter_speed":"0","title":"","orientation":"0","keywords":[]}},"post":636,"source_url":"http:\/\/www.sonimec.ca\/wp-content\/uploads\/2020\/05\/P-couverture-Les-Microphones.001.jpeg","_links":{"self":[{"href":"http:\/\/www.sonimec.ca\/index.php\/wp-json\/wp\/v2\/media\/719"}],"collection":[{"href":"http:\/\/www.sonimec.ca\/index.php\/wp-json\/wp\/v2\/media"}],"about":[{"href":"http:\/\/www.sonimec.ca\/index.php\/wp-json\/wp\/v2\/types\/attachment"}],"author":[{"embeddable":true,"href":"http:\/\/www.sonimec.ca\/index.php\/wp-json\/wp\/v2\/users\/1"}],"replies":[{"embeddable":true,"href":"http:\/\/www.sonimec.ca\/index.php\/wp-json\/wp\/v2\/comments?post=719"}]}}